{"version":"1.0","provider_name":"\u0392\u03b1\u03c3\u03af\u03bb\u03b9\u03c3\u03c3\u03b5\u03c2 \u039c\u03b5\u03bb\u03b9\u03c3\u03c3\u03ce\u03bd Cecropia Buckfast Ligustica Carnica | \u03a0\u03b1\u03c1\u03b1\u03c6\u03c5\u03ac\u03b4\u03b5\u03c2 \u03ba\u03b1\u03b9 \u039c\u03b5\u03bb\u03af\u03c3\u03c3\u03b9\u03b1","provider_url":"https:\/\/vasilises.gr\/fr\/","author_name":"Vasilises","author_url":"https:\/\/vasilises.gr\/fr\/author\/bio_meliyahoo-gr\/","title":"Miel de sapin vanille","type":"rich","width":600,"height":338,"html":"<blockquote class=\"wp-embedded-content\" data-secret=\"UUNDWZ6bGj\"><a href=\"https:\/\/vasilises.gr\/fr\/produit\/miel-de-sapin-vanille\/\">Miel de sapin vanille<\/a><\/blockquote><iframe sandbox=\"allow-scripts\" security=\"restricted\" src=\"https:\/\/vasilises.gr\/fr\/produit\/miel-de-sapin-vanille\/embed\/#?secret=UUNDWZ6bGj\" width=\"600\" height=\"338\" title=\"\u00ab\u00a0Miel de sapin vanille\u00a0\u00bb &#8212; \u0392\u03b1\u03c3\u03af\u03bb\u03b9\u03c3\u03c3\u03b5\u03c2 \u039c\u03b5\u03bb\u03b9\u03c3\u03c3\u03ce\u03bd Cecropia Buckfast Ligustica Carnica | \u03a0\u03b1\u03c1\u03b1\u03c6\u03c5\u03ac\u03b4\u03b5\u03c2 \u03ba\u03b1\u03b9 \u039c\u03b5\u03bb\u03af\u03c3\u03c3\u03b9\u03b1\" data-secret=\"UUNDWZ6bGj\" frameborder=\"0\" marginwidth=\"0\" marginheight=\"0\" scrolling=\"no\" class=\"wp-embedded-content\"><\/iframe><script>\n\/*! This file is auto-generated *\/\n!function(d,l){\"use strict\";l.querySelector&&d.addEventListener&&\"undefined\"!=typeof URL&&(d.wp=d.wp||{},d.wp.receiveEmbedMessage||(d.wp.receiveEmbedMessage=function(e){var t=e.data;if((t||t.secret||t.message||t.value)&&!\/[^a-zA-Z0-9]\/.test(t.secret)){for(var s,r,n,a=l.querySelectorAll('iframe[data-secret=\"'+t.secret+'\"]'),o=l.querySelectorAll('blockquote[data-secret=\"'+t.secret+'\"]'),c=new RegExp(\"^https?:$\",\"i\"),i=0;i<o.length;i++)o[i].style.display=\"none\";for(i=0;i<a.length;i++)s=a[i],e.source===s.contentWindow&&(s.removeAttribute(\"style\"),\"height\"===t.message?(1e3<(r=parseInt(t.value,10))?r=1e3:~~r<200&&(r=200),s.height=r):\"link\"===t.message&&(r=new URL(s.getAttribute(\"src\")),n=new URL(t.value),c.test(n.protocol))&&n.host===r.host&&l.activeElement===s&&(d.top.location.href=t.value))}},d.addEventListener(\"message\",d.wp.receiveEmbedMessage,!1),l.addEventListener(\"DOMContentLoaded\",function(){for(var e,t,s=l.querySelectorAll(\"iframe.wp-embedded-content\"),r=0;r<s.length;r++)(t=(e=s[r]).getAttribute(\"data-secret\"))||(t=Math.random().toString(36).substring(2,12),e.src+=\"#?secret=\"+t,e.setAttribute(\"data-secret\",t)),e.contentWindow.postMessage({message:\"ready\",secret:t},\"*\")},!1)))}(window,document);\n\/\/# sourceURL=https:\/\/vasilises.gr\/wp-includes\/js\/wp-embed.min.js\n<\/script>\n","thumbnail_url":"https:\/\/vasilises.gr\/wp-content\/uploads\/2024\/10\/20181106112157_meli_mamas_meli_elatis_vanilia_450gr.jpeg","thumbnail_width":751,"thumbnail_height":336,"description":"Le miel de vanille Elato est unique et l\u2019un des plus rares au monde !  Il se distingue par son aspect caract\u00e9ristique, avec les reflets \u00ab dor\u00e9s \u00bb qui tombent sur son int\u00e9rieur et sa couleur globale blanc nacr\u00e9. C'est pourquoi on l'appelle aussi \u00ab Vanille \u00bb. Il est particuli\u00e8rement \u00e9pais et son go\u00fbt rappelle le caramel ou la vanille.  Il ne cristallise pas  &nbsp;"}